{"id":3966,"date":"2020-07-13T22:04:26","date_gmt":"2020-07-13T20:04:26","guid":{"rendered":"https:\/\/eriadevalles.es\/?post_type=product&#038;p=3966"},"modified":"2026-04-24T14:41:27","modified_gmt":"2026-04-24T12:41:27","slug":"miel-de-foret","status":"publish","type":"product","link":"https:\/\/eriadevalles.es\/fr\/producto\/miel-de-foret\/","title":{"rendered":"Miel de for\u00eat"},"content":{"rendered":"<div class=\"wpb-content-wrapper\">[vc_section][vc_row type=\u00a0\u00bbboxed\u00a0\u00bb content_placement=\u00a0\u00bbtop\u00a0\u00bb css=\u00a0\u00bb.vc_custom_1596214945921{border-top-width: 1px !important;border-top-color: #eeeeee !important;border-top-style: solid !important;}\u00a0\u00bb][vc_column][vc_empty_space][vc_single_image image=\u00a0\u00bb1997&Prime; img_size=\u00a0\u00bbfull\u00a0\u00bb alignment=\u00a0\u00bbcenter\u00a0\u00bb][vc_empty_space height=\u00a0\u00bb10px\u00a0\u00bb][vc_column_text el_class=\u00a0\u00bbpiefoto\u00a0\u00bb]Bosque cant\u00e1brico. M<span class=\"aCOpRe\">anta boscosa de la vertiente de <em>Dega\u00f1a<\/em> <\/span> en el Parque Natural de las Fuentes del Narcea, Dega\u00f1a e Ibias, en Asturias, donde cosechamos miel de bosque.[\/vc_column_text][vc_empty_space][vc_custom_heading text=\u00a0\u00bbMiel de for\u00eat\u00a0\u00bb font_container=\u00a0\u00bbtag:h3|text_align:left\u00a0\u00bb use_theme_fonts=\u00a0\u00bbyes\u00a0\u00bb][vc_empty_space height=\u00a0\u00bb15px\u00a0\u00bb][vc_column_text]Miel naturel produit dans les montagnes du sud-ouest des Asturies, dans la zone du Parque Natural de las Fuentes del Narcea, Dega\u00f1a e Ibias. Le miel est r\u00e9colt\u00e9 \u00e0 la fin de l\u2019\u00e9t\u00e9. Et contient du miellat de ch\u00eane, du ch\u00e2taignier, de la bruy\u00e8re et de la calluna vulgatris. [\/vc_column_text][vc_empty_space][\/vc_column][\/vc_row][\/vc_section][vc_section][vc_row type=\u00a0\u00bbboxed\u00a0\u00bb equal_height=\u00a0\u00bbyes\u00a0\u00bb][vc_column width=\u00a0\u00bb1\/2&Prime;][vc_row_inner][vc_column_inner][\/vc_column_inner][\/vc_row_inner][vc_column_text css=\u00a0\u00bb.vc_custom_1743073794907{padding-right: 5% !important;}\u00a0\u00bb]<span style=\"color: #a3a3a3; font-weight: 200;\"><em>Il poss\u00e8de des propri\u00e9t\u00e9s antioxydantes et est id\u00e9al pour traiter les affections pulmonaires.<br \/>\n<\/em><\/span>[\/vc_column_text][vc_empty_space][vc_column_text]<span style=\"color: #dc9814;\">COULEUR<br \/>\n<\/span>Ambre fonc\u00e9.[\/vc_column_text][vc_separator el_class=\u00a0\u00bblinesproduct\u00a0\u00bb][vc_column_text]<span style=\"color: #dc9814;\">AR\u00d4ME<br \/>\n<\/span>Floral, intense et moyennement persistant [\/vc_column_text][vc_separator el_class=\u00a0\u00bblinesproduct\u00a0\u00bb][vc_column_text]<span style=\"color: #dc9814;\">GO\u00dbT<br \/>\n<\/span>Amer avec des notes sal\u00e9es [\/vc_column_text][vc_separator el_class=\u00a0\u00bblinesproduct\u00a0\u00bb][vc_column_text]<span style=\"color: #dc9814;\">TOUCHER<br \/>\n<\/span>Cristallisation variable, lente si la pr\u00e9sence de miellat est \u00e9lev\u00e9e.[\/vc_column_text][vc_empty_space height=\u00a0\u00bb30px\u00a0\u00bb][vc_row_inner type=\u00a0\u00bbboxed\u00a0\u00bb css=\u00a0\u00bb.vc_custom_1596557729665{margin-right: 5px !important;margin-left: 5px !important;border-top-width: 1px !important;border-right-width: 1px !important;border-bottom-width: 1px !important;border-left-width: 1px !important;border-left-color: #ffd923 !important;border-left-style: solid !important;border-right-color: #ffd923 !important;border-right-style: solid !important;border-top-color: #ffd923 !important;border-top-style: solid !important;border-bottom-color: #ffd923 !important;border-bottom-style: solid !important;}\u00a0\u00bb][vc_column_inner][vc_empty_space height=\u00a0\u00bb10px\u00a0\u00bb]\r\n\t\t\t<div class=\"nm-feature layout-icon_left icon-style-simple bottom-spacing-none\"><div class=\"nm-feature-icon\"><i class=\"pe-7s-ribbon\" style=\"color: #483627;\"><\/i><\/div>\r\n\t\t\t\t<div class=\"nm-feature-content\">\r\n\t\t\t\t\t<div class=\"wpb_text_column\"><p class=\"footersizetext\">Le miel cristallis\u00e9 est un signe de qualit\u00e9. Pour le d\u00e9cristalliser en douceur sans nuire \u00e0 ses propri\u00e9t\u00e9s, chauffez-le \u00e0 moins de 45\u00ba. La meilleure conservation du miel est \u00e0 temp\u00e9rature ambiante, dans un endroit frais et sec<\/p>\n<\/div>\r\n\t\t\t\t<\/div>\r\n\t\t\t<\/div>[vc_empty_space height=\u00a0\u00bb20px\u00a0\u00bb][\/vc_column_inner][\/vc_row_inner][vc_empty_space height=\u00a0\u00bb50px\u00a0\u00bb][vc_separator el_class=\u00a0\u00bblinesproduct\u00a0\u00bb][vc_column_text el_class=\u00a0\u00bbbodymontse\u00a0\u00bb]\n<h5><span style=\"color: #483627; font-family: Montserrat,sans-serif;\">UTILISATIONS GASTRONOMIQUES:<\/span><\/h5>\n<p>Ce miel accompagne les fromages forts, les marinades, les poissons bleus et les viandes r\u00f4ties.[\/vc_column_text][vc_empty_space][\/vc_column][vc_column width=\u00a0\u00bb1\/2&Prime;][vc_row_inner][vc_column_inner width=\u00a0\u00bb1\/2&Prime; offset=\u00a0\u00bbvc_hidden-sm vc_hidden-xs\u00a0\u00bb][vc_empty_space][\/vc_column_inner][vc_column_inner width=\u00a0\u00bb1\/2&Prime;][vc_single_image image=\u00a0\u00bb1625&Prime; img_size=\u00a0\u00bb102&#215;160&Prime; alignment=\u00a0\u00bbcenter\u00a0\u00bb][\/vc_column_inner][\/vc_row_inner][vc_empty_space][vc_row_inner][vc_column_inner width=\u00a0\u00bb1\/2&Prime; offset=\u00a0\u00bbvc_hidden-sm vc_hidden-xs\u00a0\u00bb][vc_empty_space][\/vc_column_inner][vc_column_inner width=\u00a0\u00bb1\/2&Prime; css=\u00a0\u00bb.vc_custom_1596552240324{padding-top: 6% !important;padding-right: 2% !important;padding-bottom: 6% !important;padding-left: 2% !important;background-color: #eeeeee !important;}\u00a0\u00bb][vc_column_text]\n<p style=\"text-align: center;\"><span style=\"color: #dc9814;\">MIEL R\u00c9COLT\u00c9E \u00c0 LA FIN DE L&rsquo;\u00c9T\u00c9<\/span><\/p>\n<p style=\"text-align: center;\">Pendant le mois de septembre<\/p>\n[\/vc_column_text][\/vc_column_inner][\/vc_row_inner][vc_empty_space][vc_row_inner css=\u00a0\u00bb.vc_custom_1596559799474{margin-bottom: 0px !important;padding-bottom: 0px !important;}\u00a0\u00bb][vc_column_inner width=\u00a0\u00bb1\/2&Prime; offset=\u00a0\u00bbvc_hidden-sm vc_hidden-xs\u00a0\u00bb][\/vc_column_inner][\/vc_row_inner][vc_row_inner css=\u00a0\u00bb.vc_custom_1596559960565{margin-top: 0px !important;margin-bottom: 0px !important;padding-top: 0px !important;padding-bottom: 0px !important;}\u00a0\u00bb][vc_column_inner width=\u00a0\u00bb1\/2&Prime; css=\u00a0\u00bb.vc_custom_1596560034134{margin-top: 0px !important;margin-bottom: 0px !important;border-top-width: 0px !important;padding-top: 0px !important;padding-bottom: 0px !important;}\u00a0\u00bb offset=\u00a0\u00bbvc_hidden-sm vc_hidden-xs\u00a0\u00bb][\/vc_column_inner][\/vc_row_inner][\/vc_column][\/vc_row][\/vc_section]\n<\/div>","protected":false},"excerpt":{"rendered":"<p>Miel naturel produit dans les montagnes du sud-ouest des Asturies, dans la zone du Parque Natural de las Fuentes del Narcea, Dega\u00f1a e Ibias. Le miel est r\u00e9colt\u00e9 \u00e0 la fin de l\u2019\u00e9t\u00e9. Et contient du miellat de ch\u00eane, du ch\u00e2taignier, de la bruy\u00e8re et de la calluna vulgatris.<\/p>\n","protected":false},"featured_media":3458,"comment_status":"open","ping_status":"closed","template":"","meta":{"_joinchat":[]},"product_brand":[],"product_cat":[107],"product_tag":[143,145,150,155,156,153],"class_list":{"0":"post-3966","1":"product","2":"type-product","3":"status-publish","4":"has-post-thumbnail","6":"product_cat-mieles-naturales-fr","7":"product_tag-mariage-avec-la-viande","8":"product_tag-mariage-avec-les-fromages","9":"product_tag-miel-fonce","10":"product_tag-nuances-ameres","11":"product_tag-nuances-salees","12":"product_tag-saveur-forte","14":"first","15":"outofstock","16":"taxable","17":"shipping-taxable","18":"product-type-simple"},"yoast_head":"<!-- This site is optimized with the Yoast SEO plugin v26.8 - https:\/\/yoast.com\/product\/yoast-seo-wordpress\/ -->\n<title>Miel de for\u00eat | Miel natural de Asturias, Er\u00eda de Valles. Sabor a tradici\u00f3n.<\/title>\n<meta name=\"robots\" content=\"index, follow, max-snippet:-1, max-image-preview:large, max-video-preview:-1\" \/>\n<link rel=\"canonical\" href=\"https:\/\/eriadevalles.es\/fr\/producto\/miel-de-foret\/\" \/>\n<meta property=\"og:locale\" content=\"fr_FR\" \/>\n<meta property=\"og:type\" content=\"article\" \/>\n<meta property=\"og:title\" content=\"Miel de for\u00eat | Miel natural de Asturias, Er\u00eda de Valles. Sabor a tradici\u00f3n.\" \/>\n<meta property=\"og:description\" content=\"Miel naturel produit dans les montagnes du sud-ouest des Asturies, dans la zone du Parque Natural de las Fuentes del Narcea, Dega\u00f1a e Ibias. Le miel est r\u00e9colt\u00e9 \u00e0 la fin de l\u2019\u00e9t\u00e9. Et contient du miellat de ch\u00eane, du ch\u00e2taignier, de la bruy\u00e8re et de la calluna vulgatris.\" \/>\n<meta property=\"og:url\" content=\"https:\/\/eriadevalles.es\/fr\/producto\/miel-de-foret\/\" \/>\n<meta property=\"og:site_name\" content=\"Miel natural de Asturias, Er\u00eda de Valles. Sabor a tradici\u00f3n.\" \/>\n<meta property=\"article:publisher\" content=\"https:\/\/es-es.facebook.com\/mieleriadevalles\/\" \/>\n<meta property=\"article:modified_time\" content=\"2026-04-24T12:41:27+00:00\" \/>\n<meta property=\"og:image\" content=\"https:\/\/eriadevalles.es\/wp-content\/uploads\/2020\/07\/miel-de-bosque-750g.jpg\" \/>\n\t<meta property=\"og:image:width\" content=\"1032\" \/>\n\t<meta property=\"og:image:height\" content=\"1280\" \/>\n\t<meta property=\"og:image:type\" content=\"image\/jpeg\" \/>\n<meta name=\"twitter:card\" content=\"summary_large_image\" \/>\n<meta name=\"twitter:site\" content=\"@eriadevalles\" \/>\n<meta name=\"twitter:label1\" content=\"Dur\u00e9e de lecture estim\u00e9e\" \/>\n\t<meta name=\"twitter:data1\" content=\"2 minutes\" \/>\n<script type=\"application\/ld+json\" class=\"yoast-schema-graph\">{\"@context\":\"https:\/\/schema.org\",\"@graph\":[{\"@type\":\"WebPage\",\"@id\":\"https:\/\/eriadevalles.es\/fr\/producto\/miel-de-foret\/\",\"url\":\"https:\/\/eriadevalles.es\/fr\/producto\/miel-de-foret\/\",\"name\":\"Miel de for\u00eat | Miel natural de Asturias, Er\u00eda de Valles. Sabor a tradici\u00f3n.\",\"isPartOf\":{\"@id\":\"https:\/\/eriadevalles.es\/fr\/#website\"},\"primaryImageOfPage\":{\"@id\":\"https:\/\/eriadevalles.es\/fr\/producto\/miel-de-foret\/#primaryimage\"},\"image\":{\"@id\":\"https:\/\/eriadevalles.es\/fr\/producto\/miel-de-foret\/#primaryimage\"},\"thumbnailUrl\":\"https:\/\/eriadevalles.es\/wp-content\/uploads\/2020\/07\/miel-de-bosque-750g.jpg\",\"datePublished\":\"2020-07-13T20:04:26+00:00\",\"dateModified\":\"2026-04-24T12:41:27+00:00\",\"breadcrumb\":{\"@id\":\"https:\/\/eriadevalles.es\/fr\/producto\/miel-de-foret\/#breadcrumb\"},\"inLanguage\":\"fr-FR\",\"potentialAction\":[{\"@type\":\"ReadAction\",\"target\":[\"https:\/\/eriadevalles.es\/fr\/producto\/miel-de-foret\/\"]}]},{\"@type\":\"ImageObject\",\"inLanguage\":\"fr-FR\",\"@id\":\"https:\/\/eriadevalles.es\/fr\/producto\/miel-de-foret\/#primaryimage\",\"url\":\"https:\/\/eriadevalles.es\/wp-content\/uploads\/2020\/07\/miel-de-bosque-750g.jpg\",\"contentUrl\":\"https:\/\/eriadevalles.es\/wp-content\/uploads\/2020\/07\/miel-de-bosque-750g.jpg\",\"width\":1032,\"height\":1280},{\"@type\":\"BreadcrumbList\",\"@id\":\"https:\/\/eriadevalles.es\/fr\/producto\/miel-de-foret\/#breadcrumb\",\"itemListElement\":[{\"@type\":\"ListItem\",\"position\":1,\"name\":\"Portada\",\"item\":\"https:\/\/eriadevalles.es\/fr\/\"},{\"@type\":\"ListItem\",\"position\":2,\"name\":\"Miel Naturel des Asturies, 100% Artisanal\",\"item\":\"https:\/\/eriadevalles.es\/fr\/\"},{\"@type\":\"ListItem\",\"position\":3,\"name\":\"Miel de for\u00eat\"}]},{\"@type\":\"WebSite\",\"@id\":\"https:\/\/eriadevalles.es\/fr\/#website\",\"url\":\"https:\/\/eriadevalles.es\/fr\/\",\"name\":\"Miel natural de Asturias, Er\u00eda de Valles. Sabor a tradici\u00f3n.\",\"description\":\"Tienda Online para comprar Miel Natural 100% artesana. Variedad de mieles procedentes de colmenas emplazadas en Asturias y amparadas por el sello de garant\u00eda de calidad y origen Alimentos del Para\u00edso Natural, \u00fanica marca de calidad que garantiza la procedencia de la miel.\",\"publisher\":{\"@id\":\"https:\/\/eriadevalles.es\/fr\/#organization\"},\"potentialAction\":[{\"@type\":\"SearchAction\",\"target\":{\"@type\":\"EntryPoint\",\"urlTemplate\":\"https:\/\/eriadevalles.es\/fr\/?s={search_term_string}\"},\"query-input\":{\"@type\":\"PropertyValueSpecification\",\"valueRequired\":true,\"valueName\":\"search_term_string\"}}],\"inLanguage\":\"fr-FR\"},{\"@type\":\"Organization\",\"@id\":\"https:\/\/eriadevalles.es\/fr\/#organization\",\"name\":\"Er\u00eda de Valles\",\"url\":\"https:\/\/eriadevalles.es\/fr\/\",\"logo\":{\"@type\":\"ImageObject\",\"inLanguage\":\"fr-FR\",\"@id\":\"https:\/\/eriadevalles.es\/fr\/#\/schema\/logo\/image\/\",\"url\":\"https:\/\/eriadevalles.es\/wp-content\/uploads\/2020\/06\/logo-eria-de-valles.jpg\",\"contentUrl\":\"https:\/\/eriadevalles.es\/wp-content\/uploads\/2020\/06\/logo-eria-de-valles.jpg\",\"width\":200,\"height\":120,\"caption\":\"Er\u00eda de Valles\"},\"image\":{\"@id\":\"https:\/\/eriadevalles.es\/fr\/#\/schema\/logo\/image\/\"},\"sameAs\":[\"https:\/\/es-es.facebook.com\/mieleriadevalles\/\",\"https:\/\/x.com\/eriadevalles\",\"https:\/\/www.instagram.com\/eriadevalles\/\"]}]}<\/script>\n<!-- \/ Yoast SEO plugin. -->","yoast_head_json":{"title":"Miel de for\u00eat | Miel natural de Asturias, Er\u00eda de Valles. Sabor a tradici\u00f3n.","robots":{"index":"index","follow":"follow","max-snippet":"max-snippet:-1","max-image-preview":"max-image-preview:large","max-video-preview":"max-video-preview:-1"},"canonical":"https:\/\/eriadevalles.es\/fr\/producto\/miel-de-foret\/","og_locale":"fr_FR","og_type":"article","og_title":"Miel de for\u00eat | Miel natural de Asturias, Er\u00eda de Valles. Sabor a tradici\u00f3n.","og_description":"Miel naturel produit dans les montagnes du sud-ouest des Asturies, dans la zone du Parque Natural de las Fuentes del Narcea, Dega\u00f1a e Ibias. Le miel est r\u00e9colt\u00e9 \u00e0 la fin de l\u2019\u00e9t\u00e9. Et contient du miellat de ch\u00eane, du ch\u00e2taignier, de la bruy\u00e8re et de la calluna vulgatris.","og_url":"https:\/\/eriadevalles.es\/fr\/producto\/miel-de-foret\/","og_site_name":"Miel natural de Asturias, Er\u00eda de Valles. Sabor a tradici\u00f3n.","article_publisher":"https:\/\/es-es.facebook.com\/mieleriadevalles\/","article_modified_time":"2026-04-24T12:41:27+00:00","og_image":[{"width":1032,"height":1280,"url":"https:\/\/eriadevalles.es\/wp-content\/uploads\/2020\/07\/miel-de-bosque-750g.jpg","type":"image\/jpeg"}],"twitter_card":"summary_large_image","twitter_site":"@eriadevalles","twitter_misc":{"Dur\u00e9e de lecture estim\u00e9e":"2 minutes"},"schema":{"@context":"https:\/\/schema.org","@graph":[{"@type":"WebPage","@id":"https:\/\/eriadevalles.es\/fr\/producto\/miel-de-foret\/","url":"https:\/\/eriadevalles.es\/fr\/producto\/miel-de-foret\/","name":"Miel de for\u00eat | Miel natural de Asturias, Er\u00eda de Valles. Sabor a tradici\u00f3n.","isPartOf":{"@id":"https:\/\/eriadevalles.es\/fr\/#website"},"primaryImageOfPage":{"@id":"https:\/\/eriadevalles.es\/fr\/producto\/miel-de-foret\/#primaryimage"},"image":{"@id":"https:\/\/eriadevalles.es\/fr\/producto\/miel-de-foret\/#primaryimage"},"thumbnailUrl":"https:\/\/eriadevalles.es\/wp-content\/uploads\/2020\/07\/miel-de-bosque-750g.jpg","datePublished":"2020-07-13T20:04:26+00:00","dateModified":"2026-04-24T12:41:27+00:00","breadcrumb":{"@id":"https:\/\/eriadevalles.es\/fr\/producto\/miel-de-foret\/#breadcrumb"},"inLanguage":"fr-FR","potentialAction":[{"@type":"ReadAction","target":["https:\/\/eriadevalles.es\/fr\/producto\/miel-de-foret\/"]}]},{"@type":"ImageObject","inLanguage":"fr-FR","@id":"https:\/\/eriadevalles.es\/fr\/producto\/miel-de-foret\/#primaryimage","url":"https:\/\/eriadevalles.es\/wp-content\/uploads\/2020\/07\/miel-de-bosque-750g.jpg","contentUrl":"https:\/\/eriadevalles.es\/wp-content\/uploads\/2020\/07\/miel-de-bosque-750g.jpg","width":1032,"height":1280},{"@type":"BreadcrumbList","@id":"https:\/\/eriadevalles.es\/fr\/producto\/miel-de-foret\/#breadcrumb","itemListElement":[{"@type":"ListItem","position":1,"name":"Portada","item":"https:\/\/eriadevalles.es\/fr\/"},{"@type":"ListItem","position":2,"name":"Miel Naturel des Asturies, 100% Artisanal","item":"https:\/\/eriadevalles.es\/fr\/"},{"@type":"ListItem","position":3,"name":"Miel de for\u00eat"}]},{"@type":"WebSite","@id":"https:\/\/eriadevalles.es\/fr\/#website","url":"https:\/\/eriadevalles.es\/fr\/","name":"Miel natural de Asturias, Er\u00eda de Valles. Sabor a tradici\u00f3n.","description":"Tienda Online para comprar Miel Natural 100% artesana. Variedad de mieles procedentes de colmenas emplazadas en Asturias y amparadas por el sello de garant\u00eda de calidad y origen Alimentos del Para\u00edso Natural, \u00fanica marca de calidad que garantiza la procedencia de la miel.","publisher":{"@id":"https:\/\/eriadevalles.es\/fr\/#organization"},"potentialAction":[{"@type":"SearchAction","target":{"@type":"EntryPoint","urlTemplate":"https:\/\/eriadevalles.es\/fr\/?s={search_term_string}"},"query-input":{"@type":"PropertyValueSpecification","valueRequired":true,"valueName":"search_term_string"}}],"inLanguage":"fr-FR"},{"@type":"Organization","@id":"https:\/\/eriadevalles.es\/fr\/#organization","name":"Er\u00eda de Valles","url":"https:\/\/eriadevalles.es\/fr\/","logo":{"@type":"ImageObject","inLanguage":"fr-FR","@id":"https:\/\/eriadevalles.es\/fr\/#\/schema\/logo\/image\/","url":"https:\/\/eriadevalles.es\/wp-content\/uploads\/2020\/06\/logo-eria-de-valles.jpg","contentUrl":"https:\/\/eriadevalles.es\/wp-content\/uploads\/2020\/06\/logo-eria-de-valles.jpg","width":200,"height":120,"caption":"Er\u00eda de Valles"},"image":{"@id":"https:\/\/eriadevalles.es\/fr\/#\/schema\/logo\/image\/"},"sameAs":["https:\/\/es-es.facebook.com\/mieleriadevalles\/","https:\/\/x.com\/eriadevalles","https:\/\/www.instagram.com\/eriadevalles\/"]}]}},"_links":{"self":[{"href":"https:\/\/eriadevalles.es\/fr\/wp-json\/wp\/v2\/product\/3966","targetHints":{"allow":["GET"]}}],"collection":[{"href":"https:\/\/eriadevalles.es\/fr\/wp-json\/wp\/v2\/product"}],"about":[{"href":"https:\/\/eriadevalles.es\/fr\/wp-json\/wp\/v2\/types\/product"}],"replies":[{"embeddable":true,"href":"https:\/\/eriadevalles.es\/fr\/wp-json\/wp\/v2\/comments?post=3966"}],"wp:featuredmedia":[{"embeddable":true,"href":"https:\/\/eriadevalles.es\/fr\/wp-json\/wp\/v2\/media\/3458"}],"wp:attachment":[{"href":"https:\/\/eriadevalles.es\/fr\/wp-json\/wp\/v2\/media?parent=3966"}],"wp:term":[{"taxonomy":"product_brand","embeddable":true,"href":"https:\/\/eriadevalles.es\/fr\/wp-json\/wp\/v2\/product_brand?post=3966"},{"taxonomy":"product_cat","embeddable":true,"href":"https:\/\/eriadevalles.es\/fr\/wp-json\/wp\/v2\/product_cat?post=3966"},{"taxonomy":"product_tag","embeddable":true,"href":"https:\/\/eriadevalles.es\/fr\/wp-json\/wp\/v2\/product_tag?post=3966"}],"curies":[{"name":"wp","href":"https:\/\/api.w.org\/{rel}","templated":true}]}}