{"id":3730,"date":"2018-08-06T17:33:04","date_gmt":"2018-08-06T15:33:04","guid":{"rendered":"https:\/\/eriadevalles.es\/panier\/"},"modified":"2025-03-11T13:47:11","modified_gmt":"2025-03-11T12:47:11","slug":"panier","status":"publish","type":"page","link":"https:\/\/eriadevalles.es\/fr\/panier\/","title":{"rendered":"Panier"},"content":{"rendered":"<div class=\"wpb-content-wrapper\">[vc_row disable_element=\u00a0\u00bbyes\u00a0\u00bb][vc_column][vc_empty_space height=\u00a0\u00bb20px\u00a0\u00bb]\r\n\t\t\t<div class=\"nm-banner content-full image-type-fluid text-color-dark subtitle-below\" style=\"\"><img loading=\"lazy\" decoding=\"async\" src=\"https:\/\/eriadevalles.es\/wp-content\/uploads\/2020\/07\/Banner-carrito-BlackFriday.jpg\" width=\"1920\" height=\"325\" alt=\"Banner-carrito-BlackFriday\" \/>\r\n\t\t\t<\/div>[\/vc_column][\/vc_row][vc_row][vc_column][vc_empty_space height=\u00a0\u00bb20px\u00a0\u00bb][vc_column_text]\n[\/vc_column_text][\/vc_column][\/vc_row]\n<\/div>","protected":false},"excerpt":{"rendered":"<p>[vc_row disable_element=\u00a0\u00bbyes\u00a0\u00bb][vc_column][vc_empty_space height=\u00a0\u00bb20px\u00a0\u00bb][\/vc_column][\/vc_row][vc_row][vc_column][vc_empty_space height=\u00a0\u00bb20px\u00a0\u00bb][vc_column_text] [\/vc_column_text][\/vc_column][\/vc_row]<\/p>\n","protected":false},"author":5,"featured_media":0,"parent":0,"menu_order":0,"comment_status":"closed","ping_status":"closed","template":"","meta":{"_joinchat":[],"footnotes":""},"class_list":["post-3730","page","type-page","status-publish","hentry"],"yoast_head":"<!-- This site is optimized with the Yoast SEO plugin v26.8 - https:\/\/yoast.com\/product\/yoast-seo-wordpress\/ -->\n<title>Panier | Miel natural de Asturias, Er\u00eda de Valles. Sabor a tradici\u00f3n.<\/title>\n<meta name=\"robots\" content=\"index, follow, max-snippet:-1, max-image-preview:large, max-video-preview:-1\" \/>\n<link rel=\"canonical\" href=\"https:\/\/eriadevalles.es\/fr\/panier\/\" \/>\n<meta property=\"og:locale\" content=\"fr_FR\" \/>\n<meta property=\"og:type\" content=\"article\" \/>\n<meta property=\"og:title\" content=\"Panier | Miel natural de Asturias, Er\u00eda de Valles. Sabor a tradici\u00f3n.\" \/>\n<meta property=\"og:description\" content=\"[vc_row disable_element=\u00a0\u00bbyes\u00a0\u00bb][vc_column][vc_empty_space height=\u00a0\u00bb20px\u00a0\u00bb][\/vc_column][\/vc_row][vc_row][vc_column][vc_empty_space height=\u00a0\u00bb20px\u00a0\u00bb][vc_column_text] [\/vc_column_text][\/vc_column][\/vc_row]\" \/>\n<meta property=\"og:url\" content=\"https:\/\/eriadevalles.es\/fr\/panier\/\" \/>\n<meta property=\"og:site_name\" content=\"Miel natural de Asturias, Er\u00eda de Valles. Sabor a tradici\u00f3n.\" \/>\n<meta property=\"article:publisher\" content=\"https:\/\/es-es.facebook.com\/mieleriadevalles\/\" \/>\n<meta property=\"article:modified_time\" content=\"2025-03-11T12:47:11+00:00\" \/>\n<meta name=\"twitter:card\" content=\"summary_large_image\" \/>\n<meta name=\"twitter:site\" content=\"@eriadevalles\" \/>\n<script type=\"application\/ld+json\" class=\"yoast-schema-graph\">{\"@context\":\"https:\/\/schema.org\",\"@graph\":[{\"@type\":\"WebPage\",\"@id\":\"https:\/\/eriadevalles.es\/fr\/panier\/\",\"url\":\"https:\/\/eriadevalles.es\/fr\/panier\/\",\"name\":\"Panier | Miel natural de Asturias, Er\u00eda de Valles. Sabor a tradici\u00f3n.\",\"isPartOf\":{\"@id\":\"https:\/\/eriadevalles.es\/fr\/#website\"},\"datePublished\":\"2018-08-06T15:33:04+00:00\",\"dateModified\":\"2025-03-11T12:47:11+00:00\",\"breadcrumb\":{\"@id\":\"https:\/\/eriadevalles.es\/fr\/panier\/#breadcrumb\"},\"inLanguage\":\"fr-FR\",\"potentialAction\":[{\"@type\":\"ReadAction\",\"target\":[\"https:\/\/eriadevalles.es\/fr\/panier\/\"]}]},{\"@type\":\"BreadcrumbList\",\"@id\":\"https:\/\/eriadevalles.es\/fr\/panier\/#breadcrumb\",\"itemListElement\":[{\"@type\":\"ListItem\",\"position\":1,\"name\":\"Portada\",\"item\":\"https:\/\/eriadevalles.es\/fr\/\"},{\"@type\":\"ListItem\",\"position\":2,\"name\":\"Panier\"}]},{\"@type\":\"WebSite\",\"@id\":\"https:\/\/eriadevalles.es\/fr\/#website\",\"url\":\"https:\/\/eriadevalles.es\/fr\/\",\"name\":\"Miel natural de Asturias, Er\u00eda de Valles. Sabor a tradici\u00f3n.\",\"description\":\"Tienda Online para comprar Miel Natural 100% artesana. Variedad de mieles procedentes de colmenas emplazadas en Asturias y amparadas por el sello de garant\u00eda de calidad y origen Alimentos del Para\u00edso Natural, \u00fanica marca de calidad que garantiza la procedencia de la miel.\",\"publisher\":{\"@id\":\"https:\/\/eriadevalles.es\/fr\/#organization\"},\"potentialAction\":[{\"@type\":\"SearchAction\",\"target\":{\"@type\":\"EntryPoint\",\"urlTemplate\":\"https:\/\/eriadevalles.es\/fr\/?s={search_term_string}\"},\"query-input\":{\"@type\":\"PropertyValueSpecification\",\"valueRequired\":true,\"valueName\":\"search_term_string\"}}],\"inLanguage\":\"fr-FR\"},{\"@type\":\"Organization\",\"@id\":\"https:\/\/eriadevalles.es\/fr\/#organization\",\"name\":\"Er\u00eda de Valles\",\"url\":\"https:\/\/eriadevalles.es\/fr\/\",\"logo\":{\"@type\":\"ImageObject\",\"inLanguage\":\"fr-FR\",\"@id\":\"https:\/\/eriadevalles.es\/fr\/#\/schema\/logo\/image\/\",\"url\":\"https:\/\/eriadevalles.es\/wp-content\/uploads\/2020\/06\/logo-eria-de-valles.jpg\",\"contentUrl\":\"https:\/\/eriadevalles.es\/wp-content\/uploads\/2020\/06\/logo-eria-de-valles.jpg\",\"width\":200,\"height\":120,\"caption\":\"Er\u00eda de Valles\"},\"image\":{\"@id\":\"https:\/\/eriadevalles.es\/fr\/#\/schema\/logo\/image\/\"},\"sameAs\":[\"https:\/\/es-es.facebook.com\/mieleriadevalles\/\",\"https:\/\/x.com\/eriadevalles\",\"https:\/\/www.instagram.com\/eriadevalles\/\"]}]}<\/script>\n<!-- \/ Yoast SEO plugin. -->","yoast_head_json":{"title":"Panier | Miel natural de Asturias, Er\u00eda de Valles. Sabor a tradici\u00f3n.","robots":{"index":"index","follow":"follow","max-snippet":"max-snippet:-1","max-image-preview":"max-image-preview:large","max-video-preview":"max-video-preview:-1"},"canonical":"https:\/\/eriadevalles.es\/fr\/panier\/","og_locale":"fr_FR","og_type":"article","og_title":"Panier | Miel natural de Asturias, Er\u00eda de Valles. Sabor a tradici\u00f3n.","og_description":"[vc_row disable_element=\u00a0\u00bbyes\u00a0\u00bb][vc_column][vc_empty_space height=\u00a0\u00bb20px\u00a0\u00bb][\/vc_column][\/vc_row][vc_row][vc_column][vc_empty_space height=\u00a0\u00bb20px\u00a0\u00bb][vc_column_text] [\/vc_column_text][\/vc_column][\/vc_row]","og_url":"https:\/\/eriadevalles.es\/fr\/panier\/","og_site_name":"Miel natural de Asturias, Er\u00eda de Valles. Sabor a tradici\u00f3n.","article_publisher":"https:\/\/es-es.facebook.com\/mieleriadevalles\/","article_modified_time":"2025-03-11T12:47:11+00:00","twitter_card":"summary_large_image","twitter_site":"@eriadevalles","schema":{"@context":"https:\/\/schema.org","@graph":[{"@type":"WebPage","@id":"https:\/\/eriadevalles.es\/fr\/panier\/","url":"https:\/\/eriadevalles.es\/fr\/panier\/","name":"Panier | Miel natural de Asturias, Er\u00eda de Valles. Sabor a tradici\u00f3n.","isPartOf":{"@id":"https:\/\/eriadevalles.es\/fr\/#website"},"datePublished":"2018-08-06T15:33:04+00:00","dateModified":"2025-03-11T12:47:11+00:00","breadcrumb":{"@id":"https:\/\/eriadevalles.es\/fr\/panier\/#breadcrumb"},"inLanguage":"fr-FR","potentialAction":[{"@type":"ReadAction","target":["https:\/\/eriadevalles.es\/fr\/panier\/"]}]},{"@type":"BreadcrumbList","@id":"https:\/\/eriadevalles.es\/fr\/panier\/#breadcrumb","itemListElement":[{"@type":"ListItem","position":1,"name":"Portada","item":"https:\/\/eriadevalles.es\/fr\/"},{"@type":"ListItem","position":2,"name":"Panier"}]},{"@type":"WebSite","@id":"https:\/\/eriadevalles.es\/fr\/#website","url":"https:\/\/eriadevalles.es\/fr\/","name":"Miel natural de Asturias, Er\u00eda de Valles. Sabor a tradici\u00f3n.","description":"Tienda Online para comprar Miel Natural 100% artesana. Variedad de mieles procedentes de colmenas emplazadas en Asturias y amparadas por el sello de garant\u00eda de calidad y origen Alimentos del Para\u00edso Natural, \u00fanica marca de calidad que garantiza la procedencia de la miel.","publisher":{"@id":"https:\/\/eriadevalles.es\/fr\/#organization"},"potentialAction":[{"@type":"SearchAction","target":{"@type":"EntryPoint","urlTemplate":"https:\/\/eriadevalles.es\/fr\/?s={search_term_string}"},"query-input":{"@type":"PropertyValueSpecification","valueRequired":true,"valueName":"search_term_string"}}],"inLanguage":"fr-FR"},{"@type":"Organization","@id":"https:\/\/eriadevalles.es\/fr\/#organization","name":"Er\u00eda de Valles","url":"https:\/\/eriadevalles.es\/fr\/","logo":{"@type":"ImageObject","inLanguage":"fr-FR","@id":"https:\/\/eriadevalles.es\/fr\/#\/schema\/logo\/image\/","url":"https:\/\/eriadevalles.es\/wp-content\/uploads\/2020\/06\/logo-eria-de-valles.jpg","contentUrl":"https:\/\/eriadevalles.es\/wp-content\/uploads\/2020\/06\/logo-eria-de-valles.jpg","width":200,"height":120,"caption":"Er\u00eda de Valles"},"image":{"@id":"https:\/\/eriadevalles.es\/fr\/#\/schema\/logo\/image\/"},"sameAs":["https:\/\/es-es.facebook.com\/mieleriadevalles\/","https:\/\/x.com\/eriadevalles","https:\/\/www.instagram.com\/eriadevalles\/"]}]}},"_links":{"self":[{"href":"https:\/\/eriadevalles.es\/fr\/wp-json\/wp\/v2\/pages\/3730","targetHints":{"allow":["GET"]}}],"collection":[{"href":"https:\/\/eriadevalles.es\/fr\/wp-json\/wp\/v2\/pages"}],"about":[{"href":"https:\/\/eriadevalles.es\/fr\/wp-json\/wp\/v2\/types\/page"}],"author":[{"embeddable":true,"href":"https:\/\/eriadevalles.es\/fr\/wp-json\/wp\/v2\/users\/5"}],"replies":[{"embeddable":true,"href":"https:\/\/eriadevalles.es\/fr\/wp-json\/wp\/v2\/comments?post=3730"}],"version-history":[{"count":0,"href":"https:\/\/eriadevalles.es\/fr\/wp-json\/wp\/v2\/pages\/3730\/revisions"}],"wp:attachment":[{"href":"https:\/\/eriadevalles.es\/fr\/wp-json\/wp\/v2\/media?parent=3730"}],"curies":[{"name":"wp","href":"https:\/\/api.w.org\/{rel}","templated":true}]}}